{"id":693,"date":"2023-12-15T14:25:59","date_gmt":"2023-12-15T12:25:59","guid":{"rendered":"https:\/\/clthirsi.fi\/?page_id=693"},"modified":"2024-04-08T08:50:37","modified_gmt":"2024-04-08T05:50:37","slug":"titelseite","status":"publish","type":"page","link":"https:\/\/clthirsi.fi\/de\/","title":{"rendered":"Titelseite"},"content":{"rendered":"\n<div style=\"height:2em\" aria-hidden=\"true\" class=\"wp-block-spacer\"><\/div>\n\n\n\n<div class=\"wp-block-columns are-vertically-aligned-center is-layout-flex wp-container-core-columns-is-layout-9d6595d7 wp-block-columns-is-layout-flex\">\n<div class=\"wp-block-column is-vertically-aligned-center is-layout-flow wp-block-column-is-layout-flow\">\n<h2 class=\"wp-block-heading\">Wir haben die besten Eigenschaften von Bohlen und CLT kombiniert<\/h2>\n<\/div>\n\n\n\n<div class=\"wp-block-column is-vertically-aligned-center is-layout-flow wp-block-column-is-layout-flow\">\n<p><br>ProLog CLT-Bohle ist ein langlebiges, nat\u00fcrliches und umweltfreundliches Material, das f\u00fcr alle Oberfl\u00e4chen und Strukturen geeignet ist und damit kombiniert werden kann. Die kreuzverleimte Konstruktion des Holzmaterials erm\u00f6glicht ein beispiellos stabiles und langlebiges Produkt f\u00fcr kosteng\u00fcnstigen Bau.<br><br>Wir verwenden ausschlie\u00dflich Finnisches Holz, speziell aus Kainuu, aufgrund seiner engen Maserung, das aus nachhaltig bewirtschafteten W\u00e4ldern in der n\u00e4heren Umgebung mit PEFC-Zertifizierung stammt. Deshalb produzieren wir das beste CLT-Material in Nordeuropa. Jetzt auch als CLT-Bohle erh\u00e4ltlich<\/p>\n<\/div>\n<\/div>\n\n\n\n<div style=\"height:5em\" aria-hidden=\"true\" class=\"wp-block-spacer\"><\/div>\n\n\n\n<div class=\"wp-block-cover alignfull is-light\"><span aria-hidden=\"true\" class=\"wp-block-cover__background has-gray-light-background-color has-background-dim-100 has-background-dim\"><\/span><div class=\"wp-block-cover__inner-container is-layout-flow wp-block-cover-is-layout-flow\">\n<div style=\"height:6em\" aria-hidden=\"true\" class=\"wp-block-spacer\"><\/div>\n\n\n\n<h2 class=\"wp-block-heading has-text-align-center has-brown-color has-text-color\">Setzungsfrei und langlebig ProLog<\/h2>\n\n\n\n<p class=\"has-text-align-center\" style=\"letter-spacing:4px\">EIN SPITZENPRODUKT F\u00dcR MODERNEN HOLZBAU<\/p>\n\n\n\n<div style=\"height:5em\" aria-hidden=\"true\" class=\"wp-block-spacer\"><\/div>\n\n\n<div id=\"features-block_c56d969bdf53bc22dd8ced7e72bb583a\" class=\"features-block aligncenter\">\n\n\t\n\t\t<div class=\"features-block__content center\">\n\n\t\t\t<div class=\"features-block__content__image\">\n\t\t\t\t<div class=\"features-block__content__image__wrap\">\n\n\t\t\t\t\t<div class=\"features-block__content__image__wrap__locations\">\n\n\t\t\t\t\t\t\t\t\t\t\t\t\t\n\t\t\t\t\t\t\t<div class=\"location\" style=\"left:2.4238%; top:48.8047%;\">\n\t\t\t\t\t\t\t\t<span>1<\/span>\n\t\t\t\t\t\t\t<\/div><!-- .location -->\n\t\t\t\t\t\t\t\t\t\t\t\t\t\n\t\t\t\t\t\t\t<div class=\"location\" style=\"left:20.6027%; top:87.1071%;\">\n\t\t\t\t\t\t\t\t<span>2<\/span>\n\t\t\t\t\t\t\t<\/div><!-- .location -->\n\t\t\t\t\t\t\t\t\t\t\t\t\t\n\t\t\t\t\t\t\t<div class=\"location\" style=\"left:70.1185%; top:26.1527%;\">\n\t\t\t\t\t\t\t\t<span>3<\/span>\n\t\t\t\t\t\t\t<\/div><!-- .location -->\n\t\t\t\t\t\t\t\t\t\t\t\t\t\n\t\t\t\t\t\t\t<div class=\"location\" style=\"left:97.9927%; top:64.6611%;\">\n\t\t\t\t\t\t\t\t<span>4<\/span>\n\t\t\t\t\t\t\t<\/div><!-- .location -->\n\t\t\t\t\t\t\n\t\t\t\t\t<\/div><!-- .features-block__content__image__wrap__locations -->\n\n\t\t\t\t\t<img decoding=\"async\" src=\"https:\/\/clthirsi.fi\/wp-content\/uploads\/2023\/06\/prolog-hirsipaaty.png\" width=\"640\" height=\"538\" srcset=\"https:\/\/clthirsi.fi\/wp-content\/uploads\/2023\/06\/prolog-hirsipaaty-300x233.png 300w, https:\/\/clthirsi.fi\/wp-content\/uploads\/2023\/06\/prolog-hirsipaaty-768x598.png 768w\" alt=\"\">\n\t\t\t\t<\/div><!-- .features-block__content__image__wrap -->\n\t\t\t<\/div><!-- .features-block__content__image -->\n\n\t\t\t\n\t\t\t\t\t\t\t\t\t<div class=\"features-block__content__column\">\n\n\t\t\t\t\t\t\t\t\t\t\t\t\t<div class=\"features-block__content__column__text\">\n\t\t\t\t\t\t\t\t<span>1<\/span>\n\t\t\t\t\t\t\t\t<p class=\"hyphenate\"><b>Optimierte H\u00f6he<\/b><br>\nKosteng\u00fcnstiger 214 mm hoher Baumstamm ohne verleimte waagerechte Fugen ist kompakt, stabil und \u00e4sthetisch, was ihn w\u00e4hrend der Bauphase leichter handhabbar macht.<\/p>\n\t\t\t\t\t\t\t<\/div><!-- .features-block__content__column__text -->\n\t\t\t\t\t\t\t\t\t\t\t\t\t<div class=\"features-block__content__column__text\">\n\t\t\t\t\t\t\t\t<span>2<\/span>\n\t\t\t\t\t\t\t\t<p class=\"hyphenate\"><b>Haltbarkeit und Stabilit\u00e4t<\/b><br>\nKreuzlagenstruktur, bei der Lasten auf nicht-setzende vertikale Lamellen geleitet werden.<\/p>\n\t\t\t\t\t\t\t<\/div><!-- .features-block__content__column__text -->\n\t\t\t\t\t\t\n\t\t\t\t\t<\/div><!-- .features-block__content__column -->\n\t\t\t\t\t\t\t\t\t<div class=\"features-block__content__column\">\n\n\t\t\t\t\t\t\t\t\t\t\t\t\t<div class=\"features-block__content__column__text\">\n\t\t\t\t\t\t\t\t<span>3<\/span>\n\t\t\t\t\t\t\t\t<p class=\"hyphenate\"><b>Hochwertige und haltbare Verbindung<\/b><br>\nHergestellt mit der hochwertigsten Verbindungstechnologie auf dem Markt in der CLT-Fabrik von CrossLam Oy.<\/p>\n\t\t\t\t\t\t\t<\/div><!-- .features-block__content__column__text -->\n\t\t\t\t\t\t\t\t\t\t\t\t\t<div class=\"features-block__content__column__text\">\n\t\t\t\t\t\t\t\t<span>4<\/span>\n\t\t\t\t\t\t\t\t<p class=\"hyphenate\"><b>Veredelte Au\u00dfenfl\u00e4che<\/b><br>\nAlle atmungsaktiven Oberfl\u00e4chenbehandlungsmittel eignen sich f\u00fcr die Behandlung von Innen- und Au\u00dfenfl\u00e4chen, daher steht eine nahezu unbegrenzte Farbauswahl zur Verf\u00fcgung.<\/p>\n\t\t\t\t\t\t\t<\/div><!-- .features-block__content__column__text -->\n\t\t\t\t\t\t\n\t\t\t\t\t<\/div><!-- .features-block__content__column -->\n\t\t\t\t\n\t\t\t\n\t\t<\/div><!-- .features-block__content -->\n\n\t<\/div>\n\n\n\n<div style=\"height:70px\" aria-hidden=\"true\" class=\"wp-block-spacer\"><\/div>\n\n\n\n<figure class=\"wp-block-video\"><video height=\"1080\" style=\"aspect-ratio: 1920 \/ 1080;\" width=\"1920\" controls src=\"https:\/\/clthirsi.fi\/wp-content\/uploads\/2024\/04\/prolog-crosslam-timberframe.mp4\"><\/video><\/figure>\n<\/div><\/div>\n\n\n<div id=\"products-block_93d9285a93793942eeb2b069a744f62a\" class=\"products-block aligncenter\">\n\n\t\n\t\t<div class=\"products-block__content\">\n\t\t\t\t\t\t\t\n\t\t\t\t\t\t\t\t\t<div class=\"products-block__content__item\">\n\t\t\t\t\t\t<div class=\"products-block__content__item__text\">\n\t\t\t\t\t\t\t\t\t\t\t\t\t\t\t<h3>ProLog 135 x 214 mm<\/h3>\n\t\t\t\t\t\t\t\n\t\t\t\t\t\t\t\t\t\t\t\t\t\t\t<p class=\"ingress hyphenate\">F\u00fcr den Bau von Ferienh\u00e4usern und Trennw\u00e4nden<\/p>\n\t\t\t\t\t\t\t\n\t\t\t\t\t\t\t\t\t\t\t\t\t\t\t<p>F\u00fcr den Bau von Ferienh\u00e4usern und Trennw\u00e4nden ist ProLog 135 mm eine ausgezeichnete Wahl. Ein starkes und sch\u00f6nes Material mit guten thermischen Isoliereigenschaften. Es kann in Kombination mit st\u00e4rkeren Baumst\u00e4mmen f\u00fcr Trennwandstrukturen verwendet werden.<\/p>\n<p>Abmessungen: 135 x 214 mm, H\u00f6he 204 mm<br>\nMaximale L\u00e4nge des Baustamms 12 Meter<\/p>\n<p><a href=\"https:\/\/clthirsi.fi\/de\/produktbeschreibung\/\">F\u00fcr weitere detaillierte Produktinformationen<\/a><\/p>\n\t\t\t\t\t\t\t\t\t\t\t\t\t<\/div><!-- .products-block__content__item__text -->\n\n\t\t\t\t\t\t<div class=\"products-block__content__item__image\">\n\t\t\t\t\t\t\t\t\t\t\t\t\t\t\t<img decoding=\"async\" src=\"https:\/\/clthirsi.fi\/wp-content\/uploads\/2023\/06\/prolog-135mm-1024x706.jpg\" width=\"640\" height=\"441\" srcset=\"https:\/\/clthirsi.fi\/wp-content\/uploads\/2023\/06\/prolog-135mm-300x207.jpg 300w, https:\/\/clthirsi.fi\/wp-content\/uploads\/2023\/06\/prolog-135mm-1024x706.jpg 1024w, https:\/\/clthirsi.fi\/wp-content\/uploads\/2023\/06\/prolog-135mm-768x530.jpg 768w, https:\/\/clthirsi.fi\/wp-content\/uploads\/2023\/06\/prolog-135mm.jpg 1480w\" alt=\"\">\n\t\t\t\t\t\t\t\t\t\t\t\t\t<\/div><!-- .products-block__content__item__image -->\n\t\t\t\t\t<\/div><!-- .products-block__content__item -->\n\t\t\t\t\t\t\t\t\t\t\t\n\t\t\t\t\t\t\t\t\t<div class=\"products-block__content__item\">\n\t\t\t\t\t\t<div class=\"products-block__content__item__text\">\n\t\t\t\t\t\t\t\t\t\t\t\t\t\t\t<h3>ProLog 204 x 214 mm<\/h3>\n\t\t\t\t\t\t\t\n\t\t\t\t\t\t\t\t\t\t\t\t\t\t\t<p class=\"ingress hyphenate\">F\u00fcr Einfamilienh\u00e4user, Schulen, Kindergarten und andere \u00f6ffentliche Geb\u00e4ude <\/p>\n\t\t\t\t\t\t\t\n\t\t\t\t\t\t\t\t\t\t\t\t\t\t\t<p>Die setzungsfreie, strapazierf\u00e4hige und stabile 204-Millimeter ProLog eignet sich gut f\u00fcr Geb\u00e4ude, die ganzj\u00e4hrig genutzt werden sollen.<\/p>\n<p>Abmessungen: 204\u00d7214 mm, H\u00f6he 204 mm<\/p>\n<p>Maximale L\u00e4nge des Baustamms 12 Meter<\/p>\n<p>\u00a0<\/p>\n<p><a href=\"https:\/\/clthirsi.fi\/de\/produktbeschreibung\/\">F\u00fcr weitere detaillierte Produktinformationen<\/a><\/p>\n\t\t\t\t\t\t\t\t\t\t\t\t\t<\/div><!-- .products-block__content__item__text -->\n\n\t\t\t\t\t\t<div class=\"products-block__content__item__image\">\n\t\t\t\t\t\t\t\t\t\t\t\t\t\t\t<img decoding=\"async\" src=\"https:\/\/clthirsi.fi\/wp-content\/uploads\/2023\/06\/prolog-205mm-1024x706.jpg\" width=\"640\" height=\"441\" srcset=\"https:\/\/clthirsi.fi\/wp-content\/uploads\/2023\/06\/prolog-205mm-300x207.jpg 300w, https:\/\/clthirsi.fi\/wp-content\/uploads\/2023\/06\/prolog-205mm-1024x706.jpg 1024w, https:\/\/clthirsi.fi\/wp-content\/uploads\/2023\/06\/prolog-205mm-768x530.jpg 768w, https:\/\/clthirsi.fi\/wp-content\/uploads\/2023\/06\/prolog-205mm.jpg 1480w\" alt=\"\">\n\t\t\t\t\t\t\t\t\t\t\t\t\t<\/div><!-- .products-block__content__item__image -->\n\t\t\t\t\t<\/div><!-- .products-block__content__item -->\n\t\t\t\t\t\t\t\t\t\t\t\n\t\t\t\t\t\t\t\t\t<div class=\"products-block__content__item\">\n\t\t\t\t\t\t<div class=\"products-block__content__item__text\">\n\t\t\t\t\t\t\t\t\t\t\t\t\t\t\t<h3>ProLog 270 x 214 mm<\/h3>\n\t\t\t\t\t\t\t\n\t\t\t\t\t\t\t\t\t\t\t\t\t\t\t<p class=\"ingress hyphenate\">F\u00fcr anspruchsvollere Spezialprojekte<\/p>\n\t\t\t\t\t\t\t\n\t\t\t\t\t\t\t\t\t\t\t\t\t\t\t<p>F\u00fcr anspruchsvolle Spezialprojekte, bei denen solide Haltbarkeit und ein robustes Erscheinungsbild gefordert sind, ist der 270-Millimeter ProLog eine zuverl\u00e4ssige Wahl.<\/p>\n<p>Abmessungen: 270 x 214 mm, H\u00f6he 204 mm<br>\nMaximale L\u00e4nge des Baustamms 12 Meter<\/p>\n<p><a href=\"https:\/\/clthirsi.fi\/de\/produktbeschreibung\/\">F\u00fcr weitere detaillierte Produktinformationen<\/a><\/p>\n\t\t\t\t\t\t\t\t\t\t\t\t\t<\/div><!-- .products-block__content__item__text -->\n\n\t\t\t\t\t\t<div class=\"products-block__content__item__image\">\n\t\t\t\t\t\t\t\t\t\t\t\t\t\t\t<img decoding=\"async\" src=\"https:\/\/clthirsi.fi\/wp-content\/uploads\/2023\/06\/prolog-270mm-1024x706.jpg\" width=\"640\" height=\"441\" srcset=\"https:\/\/clthirsi.fi\/wp-content\/uploads\/2023\/06\/prolog-270mm-300x207.jpg 300w, https:\/\/clthirsi.fi\/wp-content\/uploads\/2023\/06\/prolog-270mm-1024x706.jpg 1024w, https:\/\/clthirsi.fi\/wp-content\/uploads\/2023\/06\/prolog-270mm-768x530.jpg 768w, https:\/\/clthirsi.fi\/wp-content\/uploads\/2023\/06\/prolog-270mm.jpg 1480w\" alt=\"\">\n\t\t\t\t\t\t\t\t\t\t\t\t\t<\/div><!-- .products-block__content__item__image -->\n\t\t\t\t\t<\/div><!-- .products-block__content__item -->\n\t\t\t\t\t\t\t\t\t<\/div><!-- .products-block__content -->\n\n\t<\/div>\n\n\n\n<div class=\"wp-block-cover alignfull\" style=\"min-height:800px;aspect-ratio:unset;\"><span aria-hidden=\"true\" class=\"wp-block-cover__background has-gray-dark-background-color has-background-dim-0 has-background-dim\"><\/span><img loading=\"lazy\" decoding=\"async\" width=\"2560\" height=\"997\" class=\"wp-block-cover__image-background wp-image-491\" alt=\"\" src=\"https:\/\/clthirsi.fi\/wp-content\/uploads\/2023\/12\/prolog-referenssi-wide-scaled.jpg\" style=\"object-position:23% 46%\" data-object-fit=\"cover\" data-object-position=\"23% 46%\" srcset=\"https:\/\/clthirsi.fi\/wp-content\/uploads\/2023\/12\/prolog-referenssi-wide-scaled.jpg 2560w, https:\/\/clthirsi.fi\/wp-content\/uploads\/2023\/12\/prolog-referenssi-wide-300x117.jpg 300w, https:\/\/clthirsi.fi\/wp-content\/uploads\/2023\/12\/prolog-referenssi-wide-1024x399.jpg 1024w, https:\/\/clthirsi.fi\/wp-content\/uploads\/2023\/12\/prolog-referenssi-wide-768x299.jpg 768w, https:\/\/clthirsi.fi\/wp-content\/uploads\/2023\/12\/prolog-referenssi-wide-1536x598.jpg 1536w, https:\/\/clthirsi.fi\/wp-content\/uploads\/2023\/12\/prolog-referenssi-wide-2048x798.jpg 2048w, https:\/\/clthirsi.fi\/wp-content\/uploads\/2023\/12\/prolog-referenssi-wide-1920x748.jpg 1920w, https:\/\/clthirsi.fi\/wp-content\/uploads\/2023\/12\/prolog-referenssi-wide-1600x623.jpg 1600w\" sizes=\"auto, (max-width: 2560px) 100vw, 2560px\"><div class=\"wp-block-cover__inner-container is-layout-flow wp-block-cover-is-layout-flow\">\n<div class=\"wp-block-columns alignwide is-layout-flex wp-container-core-columns-is-layout-9d6595d7 wp-block-columns-is-layout-flex\">\n<div class=\"wp-block-column is-layout-flow wp-block-column-is-layout-flow\" style=\"flex-basis:78%\"><\/div>\n\n\n\n<div class=\"wp-block-column is-layout-flow wp-block-column-is-layout-flow\" style=\"flex-basis:200%\">\n<h2 class=\"wp-block-heading has-text-align-center has-brown-color has-text-color has-link-color has-medium-font-size wp-elements-9e56cde172653d5e06a658142eb68fb1\">Freiheit f\u00fcr die Architektur<\/h2>\n\n\n\n<p class=\"has-text-align-center\">Die setzungsfreie ProLog\u00ae CLT-Bohle erm\u00f6glicht moderne und beeindruckende architektonische L\u00f6sungen<\/p>\n\n\n\n<div class=\"wp-block-buttons is-content-justification-center is-layout-flex wp-container-core-buttons-is-layout-16018d1d wp-block-buttons-is-layout-flex\">\n<div class=\"wp-block-button\"><a class=\"wp-block-button__link has-white-color has-brown-background-color has-text-color has-background has-text-align-left wp-element-button\" href=\"https:\/\/clthirsi.fi\/de\/gallerie\/\">Sehen Sie Beispiele f\u00fcr Inspiration<\/a><\/div>\n<\/div>\n\n\n\n<div style=\"height:100px\" aria-hidden=\"true\" class=\"wp-block-spacer\"><\/div>\n\n\n\n<p class=\"has-text-align-center has-medium-font-size\">\u201eDie setzungsfreie ProLog CLT-Bohle war eine nat\u00fcrliche Wahl\u201c  <\/p>\n\n\n\n<p class=\"has-text-align-center has-medium-font-size\">Timo Koljonen, Architekt<\/p>\n<\/div>\n\n\n\n<div class=\"wp-block-column is-layout-flow wp-block-column-is-layout-flow\" style=\"flex-basis:2%\"><\/div>\n<\/div>\n<\/div><\/div>\n\n\n\n<div class=\"wp-block-cover alignfull is-light\"><span aria-hidden=\"true\" class=\"wp-block-cover__background has-gray-light-background-color has-background-dim-100 has-background-dim\"><\/span><div class=\"wp-block-cover__inner-container is-layout-flow wp-block-cover-is-layout-flow\">\n<div style=\"height:6em\" aria-hidden=\"true\" class=\"wp-block-spacer\"><\/div>\n\n\n\n<p class=\"has-medium-font-size\">Eckoptionen<\/p>\n\n\n\n<h2 class=\"wp-block-heading has-text-align-left has-brown-color has-text-color\">F\u00fcr schleuniger Bau konzipiert. <\/h2>\n\n\n\n<div style=\"height:2em\" aria-hidden=\"true\" class=\"wp-block-spacer\"><\/div>\n\n\n\n<h4 class=\"wp-block-heading has-gray-dark-color has-text-color has-small-font-size\">Moderner kurzer Eckbereich <\/h4>\n\n\n<div id=\"features-block_0ce829a6148cfff5309349a325f40d56\" class=\"features-block aligncenter\">\n\n\t\n\t\t<div class=\"features-block__content right\">\n\n\t\t\t<div class=\"features-block__content__image\">\n\t\t\t\t<div class=\"features-block__content__image__wrap\">\n\n\t\t\t\t\t<div class=\"features-block__content__image__wrap__locations\">\n\n\t\t\t\t\t\t\t\t\t\t\t\t\t\n\t\t\t\t\t\t\t<div class=\"location\" style=\"left:56.2679%; top:45.4768%;\">\n\t\t\t\t\t\t\t\t<span>1<\/span>\n\t\t\t\t\t\t\t<\/div><!-- .location -->\n\t\t\t\t\t\t\t\t\t\t\t\t\t\n\t\t\t\t\t\t\t<div class=\"location\" style=\"left:63.0200%; top:63.7137%;\">\n\t\t\t\t\t\t\t\t<span>2<\/span>\n\t\t\t\t\t\t\t<\/div><!-- .location -->\n\t\t\t\t\t\t\t\t\t\t\t\t\t\n\t\t\t\t\t\t\t<div class=\"location\" style=\"left:57.3732%; top:84.1014%;\">\n\t\t\t\t\t\t\t\t<span>3<\/span>\n\t\t\t\t\t\t\t<\/div><!-- .location -->\n\t\t\t\t\t\t\n\t\t\t\t\t<\/div><!-- .features-block__content__image__wrap__locations -->\n\n\t\t\t\t\t<img decoding=\"async\" src=\"https:\/\/clthirsi.fi\/wp-content\/uploads\/2023\/06\/log-corner-tyvek-1024x768.png\" width=\"640\" height=\"480\" srcset=\"https:\/\/clthirsi.fi\/wp-content\/uploads\/2023\/06\/log-corner-tyvek-300x225.png 300w, https:\/\/clthirsi.fi\/wp-content\/uploads\/2023\/06\/log-corner-tyvek-1024x768.png 1024w, https:\/\/clthirsi.fi\/wp-content\/uploads\/2023\/06\/log-corner-tyvek-768x576.png 768w, https:\/\/clthirsi.fi\/wp-content\/uploads\/2023\/06\/log-corner-tyvek-1536x1152.png 1536w, https:\/\/clthirsi.fi\/wp-content\/uploads\/2023\/06\/log-corner-tyvek.png 1600w\" alt=\"\">\n\t\t\t\t<\/div><!-- .features-block__content__image__wrap -->\n\t\t\t<\/div><!-- .features-block__content__image -->\n\n\t\t\t\n\t\t\t\t<div class=\"features-block__content__column\">\n\n\t\t\t\t\t\t\t\t\t\t\t<div class=\"features-block__content__column__text\">\n\t\t\t\t\t\t\t<span>1<\/span>\n\t\t\t\t\t\t\t<p class=\"hyphenate\">Installationsfreundliche weibliche-weibliche Nut und CLT-Keilzinken zur Verbindungssicherung erleichtern die Installation.<\/p>\n\t\t\t\t\t\t<\/div><!-- .features-block__content__column__text -->\n\t\t\t\t\t\t\t\t\t\t\t<div class=\"features-block__content__column__text\">\n\t\t\t\t\t\t\t<span>2<\/span>\n\t\t\t\t\t\t\t<p class=\"hyphenate\">Die Dichtheit der Ecke wird durch winddichte Membran und Lattung gew\u00e4hrleistet<\/p>\n\t\t\t\t\t\t<\/div><!-- .features-block__content__column__text -->\n\t\t\t\t\t\t\t\t\t\t\t<div class=\"features-block__content__column__text\">\n\t\t\t\t\t\t\t<span>3<\/span>\n\t\t\t\t\t\t\t<p class=\"hyphenate\">Die Ecke wird mit zwei Eckbrettern fertiggestellt, was zu einem sch\u00f6nen und raffinierten Erscheinungsbild f\u00fchrt. <\/p>\n\t\t\t\t\t\t<\/div><!-- .features-block__content__column__text -->\n\t\t\t\t\t\n\t\t\t\t<\/div><!-- .features-block__content__column -->\n\n\t\t\t\n\t\t<\/div><!-- .features-block__content -->\n\n\t<\/div>\n\n\n\n<div style=\"height:4em\" aria-hidden=\"true\" class=\"wp-block-spacer\"><\/div>\n\n\n\n<h4 class=\"wp-block-heading has-gray-dark-color has-text-color has-small-font-size\">Die traditionelle Ecke<\/h4>\n\n\n\n<div style=\"height:1em\" aria-hidden=\"true\" class=\"wp-block-spacer\"><\/div>\n\n\n<div id=\"features-block_d95aa6643d4a627d7dc58105193d8d46\" class=\"features-block aligncenter\">\n\n\t\n\t\t<div class=\"features-block__content right\">\n\n\t\t\t<div class=\"features-block__content__image\">\n\t\t\t\t<div class=\"features-block__content__image__wrap\">\n\n\t\t\t\t\t<div class=\"features-block__content__image__wrap__locations\">\n\n\t\t\t\t\t\t\t\t\t\t\t\t\t\n\t\t\t\t\t\t\t<div class=\"location\" style=\"left:56.8548%; top:31.7581%;\">\n\t\t\t\t\t\t\t\t<span>1<\/span>\n\t\t\t\t\t\t\t<\/div><!-- .location -->\n\t\t\t\t\t\t\n\t\t\t\t\t<\/div><!-- .features-block__content__image__wrap__locations -->\n\n\t\t\t\t\t<img decoding=\"async\" src=\"https:\/\/clthirsi.fi\/wp-content\/uploads\/2023\/06\/perinteinen-ristinurkka.png\" width=\"640\" height=\"387\" srcset=\"https:\/\/clthirsi.fi\/wp-content\/uploads\/2023\/06\/perinteinen-ristinurkka-300x181.png 300w, https:\/\/clthirsi.fi\/wp-content\/uploads\/2023\/06\/perinteinen-ristinurkka-768x464.png 768w, https:\/\/clthirsi.fi\/wp-content\/uploads\/2023\/06\/perinteinen-ristinurkka.png 1000w\" alt=\"\">\n\t\t\t\t<\/div><!-- .features-block__content__image__wrap -->\n\t\t\t<\/div><!-- .features-block__content__image -->\n\n\t\t\t\n\t\t\t\t<div class=\"features-block__content__column\">\n\n\t\t\t\t\t\t\t\t\t\t\t<div class=\"features-block__content__column__text\">\n\t\t\t\t\t\t\t<span>1<\/span>\n\t\t\t\t\t\t\t<p class=\"hyphenate\">Die traditionelle Ecke wird mit atmungsaktivem PP-TERMO-Isolierband abgedichtet.<br>\n<br>\n<\/p>\n\t\t\t\t\t\t<\/div><!-- .features-block__content__column__text -->\n\t\t\t\t\t\n\t\t\t\t<\/div><!-- .features-block__content__column -->\n\n\t\t\t\n\t\t<\/div><!-- .features-block__content -->\n\n\t<\/div>\n\n\n\n<div style=\"height:2em\" aria-hidden=\"true\" class=\"wp-block-spacer\"><\/div>\n<\/div><\/div>\n\n\n\n<div class=\"wp-block-cover alignfull is-light has-parallax\" style=\"min-height:700px;aspect-ratio:unset;\"><span aria-hidden=\"true\" class=\"wp-block-cover__background has-background-dim-40 has-background-dim\"><\/span><div role=\"img\" class=\"wp-block-cover__image-background wp-image-306 has-parallax\" style=\"background-position:50% 50%;background-image:url(https:\/\/clthirsi.fi\/wp-content\/uploads\/2023\/06\/prolog-clt-hirsi-hiilinegatiivinen-rakennus-materiaali.jpg)\"><\/div><div class=\"wp-block-cover__inner-container is-layout-flow wp-block-cover-is-layout-flow\">\n<div class=\"wp-block-columns is-layout-flex wp-container-core-columns-is-layout-9d6595d7 wp-block-columns-is-layout-flex\">\n<div class=\"wp-block-column is-vertically-aligned-center is-layout-flow wp-block-column-is-layout-flow\">\n<p class=\"has-white-color has-text-color has-small-font-size\" style=\"letter-spacing:2px\">NAT\u00dcRLICH STARK <\/p>\n\n\n\n<h2 class=\"wp-block-heading has-white-color has-text-color\">Kohlenstoffnegatives Material<\/h2>\n<\/div>\n\n\n\n<div class=\"wp-block-column is-vertically-aligned-center is-layout-flow wp-block-column-is-layout-flow\">\n<p class=\"has-white-color has-text-color has-medium-font-size\">ProLog wird in Kuhmo hergestellt, umgeben von W\u00e4ldern. Der Herstellungsprozess erfordert sehr wenige logistische Transfers und Zwischenverpackungen. Unser Prozess verbraucht minimale Energie, und jeglicher Produktionsabfall findet als kleines Geb\u00e4ude, M\u00f6belst\u00fcck oder W\u00e4rmequelle eine neue Verwendung. ProLog ist eines der umweltfreundlichsten Baustoffe und bietet 100% finnisches Qualit\u00e4t.<\/p>\n<\/div>\n<\/div>\n<\/div><\/div>\n\n\n\n<div class=\"wp-block-cover alignfull\"><span aria-hidden=\"true\" class=\"wp-block-cover__background has-gray-dark-background-color has-background-dim-100 has-background-dim\"><\/span><div class=\"wp-block-cover__inner-container is-layout-flow wp-block-cover-is-layout-flow\">\n<div style=\"height:2em\" aria-hidden=\"true\" class=\"wp-block-spacer\"><\/div>\n\n\n\n<div class=\"wp-block-columns are-vertically-aligned-center is-layout-flex wp-container-core-columns-is-layout-9d6595d7 wp-block-columns-is-layout-flex\">\n<div class=\"wp-block-column is-vertically-aligned-center is-layout-flow wp-block-column-is-layout-flow\" style=\"flex-basis:45%\">\n<h2 class=\"wp-block-heading has-brown-color has-text-color\">Unterst\u00fctzung bei der Realisierung Ihres Bauprojekts.<\/h2>\n\n\n\n<p><strong>Materialien, die Ihren Spezifikationen entsprechen. Immer p\u00fcnktlich.<\/strong><\/p>\n<\/div>\n\n\n\n<div class=\"wp-block-column is-vertically-aligned-center is-layout-flow wp-block-column-is-layout-flow\" style=\"flex-basis:55%\">\n<div id=\"contacts-block_ccd8247e4fa23582249d95af6d4a38e5\" class=\"contacts-block\">\n\n\t\t\t\t\t\n\t\t<div class=\"contacts\">\n\n\t\t\t\n\t\t\t\t<div class=\"contacts__contact\">\n\n\t\t\t\t\t<div class=\"contacts__contact__image\">\n\t\t\t\t\t\t\t\t\t\t\t\t\t<img decoding=\"async\" src=\"https:\/\/clthirsi.fi\/wp-content\/uploads\/2023\/06\/jukka-150x150.jpg\" loading=\"lazy\" width=\"150\" height=\"150\" srcset=\"https:\/\/clthirsi.fi\/wp-content\/uploads\/2023\/06\/jukka-300x300.jpg 300w, https:\/\/clthirsi.fi\/wp-content\/uploads\/2023\/06\/jukka-150x150.jpg 150w, https:\/\/clthirsi.fi\/wp-content\/uploads\/2023\/06\/jukka.jpg 321w\" alt=\"\">\n\t\t\t\t\t\t\t\t\t\t\t<\/div><!-- .contacts__contact__image -->\n\n\t\t\t\t\t<div class=\"contacts__contact__text\">\n\t\t\t\t\t\t\t\t\t\t\t\t\t<p class=\"name\">Jukka Hyv\u00e4rinen<\/p>\n\t\t\t\t\t\t\n\t\t\t\t\t\t\t\t\t\t\t\t\t<p class=\"title\">Gesch\u00e4ftsf\u00fchrer, Verkauf<\/p>\n\t\t\t\t\t\t\t\t\t\t\t<\/div><!-- .contacts__contact__text -->\n\n\t\t\t\t\t<div class=\"contacts__contact__links\">\n\t\t\t\t\t\t\t\t\t\t\t\t\t<a href=\"tel:+358%20500%204677%2055\">+358 500 4677 55<\/a>\n\t\t\t\t\t\t\n\t\t\t\t\t\t\t\t\t\t\t\t\t<a href=\"mailto:jukka.hyvarinen@timberframe.fi\">jukka.hyvarinen@timberframe.fi<\/a>\n\t\t\t\t\t\t\t\t\t\t\t<\/div><!-- .contacts__contact__links -->\n\t\t\t\t<\/div><!-- .contacts__contact -->\n\n\t\t\t\t\n\t\t\t\t<div class=\"contacts__contact\">\n\n\t\t\t\t\t<div class=\"contacts__contact__image\">\n\t\t\t\t\t\t\t\t\t\t\t\t\t<img decoding=\"async\" src=\"https:\/\/clthirsi.fi\/wp-content\/uploads\/2023\/06\/annukka-150x150.jpg\" loading=\"lazy\" width=\"150\" height=\"150\" srcset=\"https:\/\/clthirsi.fi\/wp-content\/uploads\/2023\/06\/annukka-300x300.jpg 300w, https:\/\/clthirsi.fi\/wp-content\/uploads\/2023\/06\/annukka-150x150.jpg 150w, https:\/\/clthirsi.fi\/wp-content\/uploads\/2023\/06\/annukka.jpg 321w\" alt=\"\">\n\t\t\t\t\t\t\t\t\t\t\t<\/div><!-- .contacts__contact__image -->\n\n\t\t\t\t\t<div class=\"contacts__contact__text\">\n\t\t\t\t\t\t\t\t\t\t\t\t\t<p class=\"name\">Annukka Rahikainen<\/p>\n\t\t\t\t\t\t\n\t\t\t\t\t\t\t\t\t\t\t\t\t<p class=\"title\">Sales\/Export (English)<\/p>\n\t\t\t\t\t\t\t\t\t\t\t<\/div><!-- .contacts__contact__text -->\n\n\t\t\t\t\t<div class=\"contacts__contact__links\">\n\t\t\t\t\t\t\t\t\t\t\t\t\t<a href=\"tel:+358%20400%206195%2094\">+358 400 6195 94<\/a>\n\t\t\t\t\t\t\n\t\t\t\t\t\t\t\t\t\t\t\t\t<a href=\"mailto:annukka.rahikainen@timberframe.fi\">annukka.rahikainen@timberframe.fi<\/a>\n\t\t\t\t\t\t\t\t\t\t\t<\/div><!-- .contacts__contact__links -->\n\t\t\t\t<\/div><!-- .contacts__contact -->\n\n\t\t\t\t\t\t\n\t\t<\/div><!-- .contacts -->\n\n\t\t\t\n<\/div>\n<\/div>\n<\/div>\n\n\n\n<div style=\"height:2em\" aria-hidden=\"true\" class=\"wp-block-spacer\"><\/div>\n<\/div><\/div>\n","protected":false},"excerpt":{"rendered":"<p>Wir haben die besten Eigenschaften von Bohlen und CLT kombiniert ProLog CLT-Bohle ist ein langlebiges, nat\u00fcrliches und umweltfreundliches Material, das f\u00fcr alle Oberfl\u00e4chen und Strukturen geeignet ist und damit kombiniert werden kann. Die kreuzverleimte Konstruktion des Holzmaterials erm\u00f6glicht ein beispiellos stabiles und langlebiges Produkt f\u00fcr kosteng\u00fcnstigen Bau. Wir verwenden ausschlie\u00dflich Finnisches Holz, speziell aus Kainuu, [&hellip;]<\/p>\n","protected":false},"author":1,"featured_media":0,"parent":0,"menu_order":0,"comment_status":"closed","ping_status":"closed","template":"","meta":{"_acf_changed":false,"footnotes":""},"class_list":["post-693","page","type-page","status-publish","hentry"],"acf":[],"_links":{"self":[{"href":"https:\/\/clthirsi.fi\/de\/wp-json\/wp\/v2\/pages\/693","targetHints":{"allow":["GET"]}}],"collection":[{"href":"https:\/\/clthirsi.fi\/de\/wp-json\/wp\/v2\/pages"}],"about":[{"href":"https:\/\/clthirsi.fi\/de\/wp-json\/wp\/v2\/types\/page"}],"author":[{"embeddable":true,"href":"https:\/\/clthirsi.fi\/de\/wp-json\/wp\/v2\/users\/1"}],"replies":[{"embeddable":true,"href":"https:\/\/clthirsi.fi\/de\/wp-json\/wp\/v2\/comments?post=693"}],"version-history":[{"count":0,"href":"https:\/\/clthirsi.fi\/de\/wp-json\/wp\/v2\/pages\/693\/revisions"}],"wp:attachment":[{"href":"https:\/\/clthirsi.fi\/de\/wp-json\/wp\/v2\/media?parent=693"}],"curies":[{"name":"wp","href":"https:\/\/api.w.org\/{rel}","templated":true}]}}